{"id":57,"date":"2019-09-09T16:27:05","date_gmt":"2019-09-09T16:27:05","guid":{"rendered":"http:\/\/itifistas.edu.co\/itif\/?page_id=57"},"modified":"2026-02-05T15:38:41","modified_gmt":"2026-02-05T15:38:41","slug":"planta-fisica","status":"publish","type":"page","link":"https:\/\/itifistas.edu.co\/itif\/index.php\/colegio\/planta-fisica\/","title":{"rendered":"Planta F\u00edsica"},"content":{"rendered":"<div id=\"pl-57\"  class=\"panel-layout\" ><div id=\"pg-57-0\"  class=\"panel-grid panel-no-style\" ><div id=\"pgc-57-0-0\"  class=\"panel-grid-cell\" ><div id=\"panel-57-0-0-0\" class=\"so-panel widget widget_sow-editor panel-first-child panel-last-child\" data-index=\"0\" ><div class=\"so-widget-sow-editor so-widget-sow-editor-base\">\n<div class=\"siteorigin-widget-tinymce textwidget\">\n\t<blockquote>\n<p>La <strong>I.E.M INSTITUTO T\u00c9CNICO INDUSTRIAL DE FACATATIV\u00c1<\/strong> cuenta con cuatro sedes, la sede Principal (tambien conocida como sede centro) y tres sedes anexas.<\/p>\n<p><strong>CONTACTO:<\/strong><\/p>\n<ul>\n<li><strong>N\u00famero telef\u00f3nico<\/strong>: 601 890 07 45<\/li>\n<li><strong>Celular<\/strong>: 320 958 02 55<\/li>\n<li><strong>Correo electr\u00f3nico:<\/strong> contacto@itifistas.edu.co<\/li>\n<\/ul>\n<\/blockquote>\n<div class=\"host-lopnbnfpjmgpbppclhclehhgafnifija\" style=\"position: relative; z-index: 2147483647;\"><\/div>\n<div class=\"host-lopnbnfpjmgpbppclhclehhgafnifija\" style=\"position: relative; z-index: 2147483647;\"><\/div>\n<\/div>\n<\/div><\/div><\/div><\/div><div id=\"pg-57-1\"  class=\"panel-grid panel-has-style\" ><div class=\"panel-row-style panel-row-style-for-57-1\" ><div id=\"pgc-57-1-0\"  class=\"panel-grid-cell\" ><div id=\"panel-57-1-0-0\" class=\"so-panel widget widget_sow-editor panel-first-child panel-last-child\" data-index=\"1\" ><div class=\"panel-widget-style panel-widget-style-for-57-1-0-0\" ><div class=\"so-widget-sow-editor so-widget-sow-editor-base\">\n<div class=\"siteorigin-widget-tinymce textwidget\">\n\t<h5><span style=\"color: #000000;\">SEDE CENTRO - SEDE PRINCIPAL<\/span><\/h5>\n<\/div>\n<\/div><\/div><\/div><\/div><\/div><\/div><div id=\"pg-57-2\"  class=\"panel-grid panel-no-style\" ><div id=\"pgc-57-2-0\"  class=\"panel-grid-cell\" ><div id=\"panel-57-2-0-0\" class=\"so-panel widget widget_sow-editor panel-first-child panel-last-child\" data-index=\"2\" ><div class=\"so-widget-sow-editor so-widget-sow-editor-base\">\n<div class=\"siteorigin-widget-tinymce textwidget\">\n\t<p><img decoding=\"async\" loading=\"lazy\" class=\"alignnone wp-image-341 size-full\" src=\"https:\/\/itifistas.edu.co\/itif\/wp-content\/uploads\/2019\/09\/ImgSedesCentro.jpg\" alt=\"\" width=\"800\" height=\"533\" srcset=\"https:\/\/itifistas.edu.co\/itif\/wp-content\/uploads\/2019\/09\/ImgSedesCentro.jpg 800w, https:\/\/itifistas.edu.co\/itif\/wp-content\/uploads\/2019\/09\/ImgSedesCentro-300x200.jpg 300w, https:\/\/itifistas.edu.co\/itif\/wp-content\/uploads\/2019\/09\/ImgSedesCentro-768x512.jpg 768w, https:\/\/itifistas.edu.co\/itif\/wp-content\/uploads\/2019\/09\/ImgSedesCentro-272x182.jpg 272w\" sizes=\"(max-width: 800px) 100vw, 800px\" \/><\/p>\n<p>En la Sede centro se encuentra la oficina de Rector\u00eda, Oficina de Secretaria Acad\u00e9mica Institucional y Orientaci\u00f3n Escolar.<\/p>\n<div class=\"host-lopnbnfpjmgpbppclhclehhgafnifija\" style=\"position: relative; z-index: 2147483647;\"><\/div>\n<\/div>\n<\/div><\/div><\/div><div id=\"pgc-57-2-1\"  class=\"panel-grid-cell\" ><div id=\"panel-57-2-1-0\" class=\"so-panel widget widget_sow-editor panel-first-child panel-last-child\" data-index=\"3\" ><div class=\"so-widget-sow-editor so-widget-sow-editor-base\">\n<div class=\"siteorigin-widget-tinymce textwidget\">\n\t<h6><strong><span style=\"color: #009045;\">INFORMACI\u00d3N GENERAL:<\/span><\/strong><\/h6>\n<ul>\n<li><strong>Direcci\u00f3n:<\/strong> Carrera 5 No 9-45 Barrio Santa Rita Municipio de Facatativ\u00e1.<\/li>\n<li><strong>Horario de Clases: Grado 6\u00ba <\/strong>Lunes a Viernes de 6:00 am -12:00 m\u00a0 \/ <strong>Grados 7\u00ba y\u00a0 8\u00ba<\/strong>: Lunes a Viernes de 6:00 am - 01:00 p.m.<\/li>\n<\/ul>\n<div class=\"host-lopnbnfpjmgpbppclhclehhgafnifija\" style=\"position: relative; z-index: 2147483647;\"><\/div>\n<\/div>\n<\/div><\/div><\/div><\/div><div id=\"pg-57-3\"  class=\"panel-grid panel-has-style\" ><div class=\"panel-row-style panel-row-style-for-57-3\" ><div id=\"pgc-57-3-0\"  class=\"panel-grid-cell\" ><div id=\"panel-57-3-0-0\" class=\"so-panel widget widget_sow-editor panel-first-child panel-last-child\" data-index=\"4\" ><div class=\"panel-widget-style panel-widget-style-for-57-3-0-0\" ><div class=\"so-widget-sow-editor so-widget-sow-editor-base\">\n<div class=\"siteorigin-widget-tinymce textwidget\">\n\t<h5>SEDE RAFAEL POMBO<\/h5>\n<\/div>\n<\/div><\/div><\/div><\/div><\/div><\/div><div id=\"pg-57-4\"  class=\"panel-grid panel-no-style\" ><div id=\"pgc-57-4-0\"  class=\"panel-grid-cell\" ><div id=\"panel-57-4-0-0\" class=\"so-panel widget widget_sow-editor panel-first-child panel-last-child\" data-index=\"5\" ><div class=\"so-widget-sow-editor so-widget-sow-editor-base\">\n<div class=\"siteorigin-widget-tinymce textwidget\">\n\t<h6><strong><span style=\"color: #009045;\">INFORMACI\u00d3N GENERAL:<\/span><\/strong><\/h6>\n<ul>\n<li><strong>Direcci\u00f3n:<\/strong> Carrera 3 No 8-134<\/li>\n<li><strong>Horario de Clases: <\/strong>Lunes a Viernes de 07:00 am - 12:00 m.<\/li>\n<\/ul>\n<div class=\"host-lopnbnfpjmgpbppclhclehhgafnifija\" style=\"position: relative; z-index: 2147483647;\"><\/div>\n<\/div>\n<\/div><\/div><\/div><div id=\"pgc-57-4-1\"  class=\"panel-grid-cell\" ><div id=\"panel-57-4-1-0\" class=\"so-panel widget widget_sow-editor panel-first-child panel-last-child\" data-index=\"6\" ><div class=\"so-widget-sow-editor so-widget-sow-editor-base\">\n<div class=\"siteorigin-widget-tinymce textwidget\">\n\t<p><img decoding=\"async\" loading=\"lazy\" class=\"alignnone wp-image-4554 size-large\" src=\"https:\/\/itifistas.edu.co\/itif\/wp-content\/uploads\/2026\/01\/WhatsApp-Image-2026-01-21-at-8.40.55-AM-1024x768.jpeg\" alt=\"\" width=\"640\" height=\"480\" srcset=\"https:\/\/itifistas.edu.co\/itif\/wp-content\/uploads\/2026\/01\/WhatsApp-Image-2026-01-21-at-8.40.55-AM-1024x768.jpeg 1024w, https:\/\/itifistas.edu.co\/itif\/wp-content\/uploads\/2026\/01\/WhatsApp-Image-2026-01-21-at-8.40.55-AM-300x225.jpeg 300w, https:\/\/itifistas.edu.co\/itif\/wp-content\/uploads\/2026\/01\/WhatsApp-Image-2026-01-21-at-8.40.55-AM-768x576.jpeg 768w, https:\/\/itifistas.edu.co\/itif\/wp-content\/uploads\/2026\/01\/WhatsApp-Image-2026-01-21-at-8.40.55-AM.jpeg 1280w\" sizes=\"(max-width: 640px) 100vw, 640px\" \/><\/p>\n<div class=\"host-lopnbnfpjmgpbppclhclehhgafnifija\" style=\"position: relative; z-index: 2147483647;\"><\/div>\n<div class=\"host-lopnbnfpjmgpbppclhclehhgafnifija\" style=\"position: relative; z-index: 2147483647;\"><\/div>\n<\/div>\n<\/div><\/div><\/div><\/div><div id=\"pg-57-5\"  class=\"panel-grid panel-has-style\" ><div class=\"panel-row-style panel-row-style-for-57-5\" ><div id=\"pgc-57-5-0\"  class=\"panel-grid-cell\" ><div id=\"panel-57-5-0-0\" class=\"so-panel widget widget_sow-editor panel-first-child panel-last-child\" data-index=\"7\" ><div class=\"panel-widget-style panel-widget-style-for-57-5-0-0\" ><div class=\"so-widget-sow-editor so-widget-sow-editor-base\">\n<div class=\"siteorigin-widget-tinymce textwidget\">\n\t<h5>SEDE PUEBLO VIEJO - SEDE RURAL<\/h5>\n<\/div>\n<\/div><\/div><\/div><\/div><\/div><\/div><div id=\"pg-57-6\"  class=\"panel-grid panel-no-style\" ><div id=\"pgc-57-6-0\"  class=\"panel-grid-cell\" ><div id=\"panel-57-6-0-0\" class=\"so-panel widget widget_sow-editor panel-first-child panel-last-child\" data-index=\"8\" ><div class=\"so-widget-sow-editor so-widget-sow-editor-base\">\n<div class=\"siteorigin-widget-tinymce textwidget\">\n\t<p><img decoding=\"async\" loading=\"lazy\" class=\"alignnone wp-image-4572 size-large\" src=\"https:\/\/itifistas.edu.co\/itif\/wp-content\/uploads\/2026\/01\/WhatsApp-Image-2026-01-21-at-7.17.12-PM-1-1024x607.jpeg\" alt=\"\" width=\"640\" height=\"379\" srcset=\"https:\/\/itifistas.edu.co\/itif\/wp-content\/uploads\/2026\/01\/WhatsApp-Image-2026-01-21-at-7.17.12-PM-1-1024x607.jpeg 1024w, https:\/\/itifistas.edu.co\/itif\/wp-content\/uploads\/2026\/01\/WhatsApp-Image-2026-01-21-at-7.17.12-PM-1-300x178.jpeg 300w, https:\/\/itifistas.edu.co\/itif\/wp-content\/uploads\/2026\/01\/WhatsApp-Image-2026-01-21-at-7.17.12-PM-1-768x455.jpeg 768w, https:\/\/itifistas.edu.co\/itif\/wp-content\/uploads\/2026\/01\/WhatsApp-Image-2026-01-21-at-7.17.12-PM-1-1536x910.jpeg 1536w, https:\/\/itifistas.edu.co\/itif\/wp-content\/uploads\/2026\/01\/WhatsApp-Image-2026-01-21-at-7.17.12-PM-1-1280x759.jpeg 1280w, https:\/\/itifistas.edu.co\/itif\/wp-content\/uploads\/2026\/01\/WhatsApp-Image-2026-01-21-at-7.17.12-PM-1.jpeg 1539w\" sizes=\"(max-width: 640px) 100vw, 640px\" \/><\/p>\n<p>La sede por pertenecer a Jornada \u00danica cuenta con el beneficio del PAE (Programa de Alimentaci\u00f2n Escolar) tipo almuerzo, gestionado por la Alcald\u00eda Municipal de Facatativ\u00e1.<\/p>\n<div class=\"host-lopnbnfpjmgpbppclhclehhgafnifija\" style=\"position: relative; z-index: 2147483647;\"><\/div>\n<div class=\"host-lopnbnfpjmgpbppclhclehhgafnifija\" style=\"position: relative; z-index: 2147483647;\"><\/div>\n<\/div>\n<\/div><\/div><\/div><div id=\"pgc-57-6-1\"  class=\"panel-grid-cell\" ><div id=\"panel-57-6-1-0\" class=\"so-panel widget widget_sow-editor panel-first-child panel-last-child\" data-index=\"9\" ><div class=\"so-widget-sow-editor so-widget-sow-editor-base\">\n<div class=\"siteorigin-widget-tinymce textwidget\">\n\t<h6><strong><span style=\"color: #009045;\">INFORMACI\u00d3N GENERAL:<\/span><\/strong><\/h6>\n<ul>\n<li><strong>Ubicada en: <\/strong>Vereda Pueblo Viejo<\/li>\n<li><strong>Jornada \u00danica: <\/strong>Preescolar y B\u00e1sica Primaria. (De Primero a Quinto).<\/li>\n<li><strong>Horario<\/strong>: <strong>Preescolar<\/strong> Lunes a Viernes de 07:00 am a 12:00 m. <strong>Primaria<\/strong> Lunes a Viernes de 07:00 am a 01:00 p.m<\/li>\n<\/ul>\n<h6><strong><span style=\"color: #009045;\">DOCENTES DE LA SEDE:<\/span><\/strong><\/h6>\n<ul>\n<li>Hernando Sanabria Herrera.<\/li>\n<li>Wilson Herrera Guti\u00e9rrez.<\/li>\n<li>Edith Estrada Alarc\u00f3n.<\/li>\n<li>Los d\u00edas Lunes contamos con el acompa\u00f1amiento de una Docente de Tecnolog\u00eda e Inform\u00e1tica (Constanza Garz\u00f3n), los dias martes con acompa\u00f1amiento de Educaci\u00f3n f\u00edsica, los miercoles se proyecta el apoyo de la secretaria de cultura de Facatativ\u00e1, los jueves acompa\u00f1amiento del Instituto de Deportes de Facatativ\u00e0 y los dias viernes la presencia de nuestra docente de apoyo Viviana Gisset Martinez.<\/li>\n<\/ul>\n<div class=\"host-lopnbnfpjmgpbppclhclehhgafnifija\" style=\"position: relative; z-index: 2147483647;\"><\/div>\n<div class=\"host-lopnbnfpjmgpbppclhclehhgafnifija\" style=\"position: relative; z-index: 2147483647;\"><\/div>\n<\/div>\n<\/div><\/div><\/div><\/div><div id=\"pg-57-7\"  class=\"panel-grid panel-has-style\" ><div class=\"panel-row-style panel-row-style-for-57-7\" ><div id=\"pgc-57-7-0\"  class=\"panel-grid-cell\" ><div id=\"panel-57-7-0-0\" class=\"so-panel widget widget_sow-editor panel-first-child panel-last-child\" data-index=\"10\" ><div class=\"panel-widget-style panel-widget-style-for-57-7-0-0\" ><div class=\"so-widget-sow-editor so-widget-sow-editor-base\">\n<div class=\"siteorigin-widget-tinymce textwidget\">\n\t<h5>SEDE TALLERES<\/h5>\n<\/div>\n<\/div><\/div><\/div><\/div><\/div><\/div><div id=\"pg-57-8\"  class=\"panel-grid panel-no-style\" ><div id=\"pgc-57-8-0\"  class=\"panel-grid-cell\" ><div id=\"panel-57-8-0-0\" class=\"so-panel widget widget_sow-editor panel-first-child panel-last-child\" data-index=\"11\" ><div class=\"so-widget-sow-editor so-widget-sow-editor-base\">\n<div class=\"siteorigin-widget-tinymce textwidget\">\n\t<h6><strong><span style=\"color: #009045;\">INFORMACI\u00d3N GENERAL:<\/span><\/strong><\/h6>\n<ul>\n<li><strong>Direcci\u00f3n:<\/strong> Carrera 11 No 1-15 Piedras del Tunjo<\/li>\n<li><strong>Horario de Clases: <\/strong>Lunes a Viernes de 6:00 a.m. - 02:00 p.m.<\/li>\n<\/ul>\n<div class=\"host-lopnbnfpjmgpbppclhclehhgafnifija\" style=\"position: relative; z-index: 2147483647;\"><\/div>\n<\/div>\n<\/div><\/div><\/div><div id=\"pgc-57-8-1\"  class=\"panel-grid-cell\" ><div id=\"panel-57-8-1-0\" class=\"so-panel widget widget_sow-editor panel-first-child panel-last-child\" data-index=\"12\" ><div class=\"so-widget-sow-editor so-widget-sow-editor-base\">\n<div class=\"siteorigin-widget-tinymce textwidget\">\n\t<p><img decoding=\"async\" loading=\"lazy\" class=\"alignnone wp-image-342 size-full\" src=\"https:\/\/itifistas.edu.co\/itif\/wp-content\/uploads\/2019\/09\/ImgSedesTalleres.jpg\" alt=\"\" width=\"800\" height=\"533\" srcset=\"https:\/\/itifistas.edu.co\/itif\/wp-content\/uploads\/2019\/09\/ImgSedesTalleres.jpg 800w, https:\/\/itifistas.edu.co\/itif\/wp-content\/uploads\/2019\/09\/ImgSedesTalleres-300x200.jpg 300w, https:\/\/itifistas.edu.co\/itif\/wp-content\/uploads\/2019\/09\/ImgSedesTalleres-768x512.jpg 768w, https:\/\/itifistas.edu.co\/itif\/wp-content\/uploads\/2019\/09\/ImgSedesTalleres-272x182.jpg 272w\" sizes=\"(max-width: 800px) 100vw, 800px\" \/><\/p>\n<p>Los grados de la sede Talleres por ser Jornada \u00danica cuentan con el beneficio de Refrigerio reforzado tipo almuerzo, gestionado por la Alcald\u00eda Municipal de Facatativ\u00e1.<\/p>\n<div class=\"host-lopnbnfpjmgpbppclhclehhgafnifija\" style=\"position: relative; z-index: 2147483647;\"><\/div>\n<\/div>\n<\/div><\/div><\/div><\/div><\/div>","protected":false},"excerpt":{"rendered":"<p>La I.E.M INSTITUTO T\u00c9CNICO INDUSTRIAL DE FACATATIV\u00c1 cuenta con cuatro sedes, la sede Principal (tambien conocida como sede centro) y tres sedes anexas. CONTACTO: N\u00famero telef\u00f3nico: 601 890 07 45 Celular: 320 958 02 55 Correo electr\u00f3nico: contacto@itifistas.edu.co SEDE CENTRO &#8211; SEDE PRINCIPAL<\/p>\n","protected":false},"author":1,"featured_media":0,"parent":48,"menu_order":4,"comment_status":"closed","ping_status":"closed","template":"","meta":[],"_links":{"self":[{"href":"https:\/\/itifistas.edu.co\/itif\/index.php\/wp-json\/wp\/v2\/pages\/57"}],"collection":[{"href":"https:\/\/itifistas.edu.co\/itif\/index.php\/wp-json\/wp\/v2\/pages"}],"about":[{"href":"https:\/\/itifistas.edu.co\/itif\/index.php\/wp-json\/wp\/v2\/types\/page"}],"author":[{"embeddable":true,"href":"https:\/\/itifistas.edu.co\/itif\/index.php\/wp-json\/wp\/v2\/users\/1"}],"replies":[{"embeddable":true,"href":"https:\/\/itifistas.edu.co\/itif\/index.php\/wp-json\/wp\/v2\/comments?post=57"}],"version-history":[{"count":42,"href":"https:\/\/itifistas.edu.co\/itif\/index.php\/wp-json\/wp\/v2\/pages\/57\/revisions"}],"predecessor-version":[{"id":4720,"href":"https:\/\/itifistas.edu.co\/itif\/index.php\/wp-json\/wp\/v2\/pages\/57\/revisions\/4720"}],"up":[{"embeddable":true,"href":"https:\/\/itifistas.edu.co\/itif\/index.php\/wp-json\/wp\/v2\/pages\/48"}],"wp:attachment":[{"href":"https:\/\/itifistas.edu.co\/itif\/index.php\/wp-json\/wp\/v2\/media?parent=57"}],"curies":[{"name":"wp","href":"https:\/\/api.w.org\/{rel}","templated":true}]}}